{"id":673,"date":"2019-02-25T19:01:31","date_gmt":"2019-02-25T17:01:31","guid":{"rendered":"http:\/\/www.ortovins.enproves.net\/blog\/"},"modified":"2026-02-06T14:37:22","modified_gmt":"2026-02-06T12:37:22","slug":"blog","status":"publish","type":"page","link":"https:\/\/www.ortovins.com\/es\/blog\/","title":{"rendered":"Noticias"},"content":{"rendered":"\t\t<div data-elementor-type=\"wp-post\" data-elementor-id=\"673\" class=\"elementor elementor-673 elementor-313\" data-elementor-post-type=\"page\">\n\t\t\t\t\t\t<section class=\"elementor-section elementor-top-section elementor-element elementor-element-1f3b4a6 elementor-section-boxed elementor-section-height-default elementor-section-height-default\" data-id=\"1f3b4a6\" data-element_type=\"section\" data-e-type=\"section\">\n\t\t\t\t\t\t<div class=\"elementor-container elementor-column-gap-default\">\n\t\t\t\t\t<div class=\"elementor-column elementor-col-100 elementor-top-column elementor-element elementor-element-1606cd9\" data-id=\"1606cd9\" data-element_type=\"column\" data-e-type=\"column\">\n\t\t\t<div class=\"elementor-widget-wrap elementor-element-populated\">\n\t\t\t\t\t\t<div class=\"elementor-element elementor-element-2bfe37d elementor-widget elementor-widget-heading\" data-id=\"2bfe37d\" data-element_type=\"widget\" data-e-type=\"widget\" data-widget_type=\"heading.default\">\n\t\t\t\t<div class=\"elementor-widget-container\">\n\t\t\t\t\t<h1 class=\"elementor-heading-title elementor-size-default\">NOTICIAS<\/h1>\t\t\t\t<\/div>\n\t\t\t\t<\/div>\n\t\t\t\t\t<\/div>\n\t\t<\/div>\n\t\t\t\t\t<\/div>\n\t\t<\/section>\n\t\t\t\t<section class=\"elementor-section elementor-top-section elementor-element elementor-element-66c4af1 elementor-hidden-desktop elementor-hidden-tablet elementor-hidden-mobile elementor-section-boxed elementor-section-height-default elementor-section-height-default\" data-id=\"66c4af1\" data-element_type=\"section\" data-e-type=\"section\">\n\t\t\t\t\t\t<div class=\"elementor-container elementor-column-gap-default\">\n\t\t\t\t\t<div class=\"elementor-column elementor-col-100 elementor-top-column elementor-element elementor-element-2f8a032\" data-id=\"2f8a032\" data-element_type=\"column\" data-e-type=\"column\">\n\t\t\t<div class=\"elementor-widget-wrap elementor-element-populated\">\n\t\t\t\t\t\t<div class=\"elementor-element elementor-element-7aa90f4 elementor-widget elementor-widget-shortcode\" data-id=\"7aa90f4\" data-element_type=\"widget\" data-e-type=\"widget\" data-widget_type=\"shortcode.default\">\n\t\t\t\t<div class=\"elementor-widget-container\">\n\t\t\t\t\t\t\t<div class=\"elementor-shortcode\"><div class=\"pt-cv-wrapper\"><div class=\"pt-cv-view pt-cv-timeline pt-cv-pgloadmore\" id=\"pt-cv-view-f3f00855b2\"><div class=\"tl-spine\"><a href=\"#\"><\/a><\/div>\n<div class=\"tl-items\">\n<div class=\"tl-item pt-left\"><div class=\"tl-item-content\"><i class=\"tl-pointer\"><\/i><div class=\" pt-cv-content-item pt-cv-1-col\"  data-pid=\"2111\"><a href=\"https:\/\/www.ortovins.com\/es\/medalla-de-plata-en-los-vinari-para-la-carrerada-2016\/\" class=\"_self pt-cv-href-thumbnail pt-cv-thumb-default cvplbd cvp-lazy-container\" target=\"_self\" ><img fetchpriority=\"high\" decoding=\"async\" width=\"600\" height=\"283\" src=\"https:\/\/www.ortovins.com\/wp-content\/plugins\/pt-content-views-pro\/public\/assets\/images\/lazy_image.png\" class=\"pt-cv-thumbnail img-none skip-lazy  no-lazyload  cvplazy\" alt=\"Medalla de Plata en los Vinari para La Carrerada 2016\" data-cvpsrc=\"https:\/\/www.ortovins.com\/wp-content\/uploads\/2018\/08\/La-Carrerada-600x283.jpg\" data-cvpset=\"https:\/\/www.ortovins.com\/wp-content\/uploads\/2018\/08\/La-Carrerada-600x283.jpg 600w, https:\/\/www.ortovins.com\/wp-content\/uploads\/2018\/08\/La-Carrerada-300x142.jpg 300w, https:\/\/www.ortovins.com\/wp-content\/uploads\/2018\/08\/La-Carrerada-768x363.jpg 768w, https:\/\/www.ortovins.com\/wp-content\/uploads\/2018\/08\/La-Carrerada-1024x484.jpg 1024w\" \/><\/a>\n<h4 class=\"pt-cv-title\"><a href=\"https:\/\/www.ortovins.com\/es\/medalla-de-plata-en-los-vinari-para-la-carrerada-2016\/\" class=\"_self cvplbd\" target=\"_self\" >Medalla de Plata en los Vinari para La Carrerada 2016<\/a><\/h4>\n<div class=\"pt-cv-content\">Los Vinari, los Premios de los Vinos Catalanes, han otorgado la Medalla de Plata de Vinos Tintos de Guarda a ...<br \/><div class=\"pt-cv-rmwrap\"><a href=\"https:\/\/www.ortovins.com\/es\/medalla-de-plata-en-los-vinari-para-la-carrerada-2016\/\" class=\"_self pt-cv-readmore btn btn-success cvplbd\" target=\"_self\">Llegeix M\u00e9s<\/a><\/div><\/div>\n<div class=\"pt-cv-social-buttons\"><a href=\"https:\/\/www.facebook.com\/sharer\/sharer.php?u=https:\/\/www.ortovins.com\/es\/medalla-de-plata-en-los-vinari-para-la-carrerada-2016\/\" class=\"pt-cv-social-facebook\" target=\"_blank\"><\/a><a href=\"https:\/\/twitter.com\/intent\/tweet?url=https:\/\/www.ortovins.com\/es\/medalla-de-plata-en-los-vinari-para-la-carrerada-2016\/&#038;text=Medalla+de+Plata+en+los+Vinari+para+La+Carrerada+2016\" class=\"pt-cv-social-twitter\" target=\"_blank\"><\/a><a href=\"https:\/\/plus.google.com\/share?url=https:\/\/www.ortovins.com\/es\/medalla-de-plata-en-los-vinari-para-la-carrerada-2016\/\" class=\"pt-cv-social-googleplus\" target=\"_blank\"><\/a><\/div><\/div><\/div><\/div>\n<div class=\"tl-item pt-right\"><div class=\"tl-item-content\"><i class=\"tl-pointer\"><\/i><div class=\" pt-cv-content-item pt-cv-1-col\"  data-pid=\"2108\"><a href=\"https:\/\/www.ortovins.com\/es\/orto-vins-en-wineries-to-watch-2021-de-winespirits\/\" class=\"_self pt-cv-href-thumbnail pt-cv-thumb-default cvplbd cvp-lazy-container\" target=\"_self\" ><img decoding=\"async\" width=\"600\" height=\"400\" src=\"https:\/\/www.ortovins.com\/wp-content\/plugins\/pt-content-views-pro\/public\/assets\/images\/lazy_image.png\" class=\"pt-cv-thumbnail img-none skip-lazy  no-lazyload  cvplazy\" alt=\"Orto Vins, en &quot;Wineries to watch 2021&quot; de Wine&amp;Spirits\" data-cvpsrc=\"https:\/\/www.ortovins.com\/wp-content\/uploads\/2019\/02\/IMG_6263-600x400.jpg\" data-cvpset=\"https:\/\/www.ortovins.com\/wp-content\/uploads\/2019\/02\/IMG_6263-600x400.jpg 600w, https:\/\/www.ortovins.com\/wp-content\/uploads\/2019\/02\/IMG_6263-300x200.jpg 300w, https:\/\/www.ortovins.com\/wp-content\/uploads\/2019\/02\/IMG_6263-768x512.jpg 768w, https:\/\/www.ortovins.com\/wp-content\/uploads\/2019\/02\/IMG_6263-1024x683.jpg 1024w, https:\/\/www.ortovins.com\/wp-content\/uploads\/2019\/02\/IMG_6263.jpg 1658w\" \/><\/a>\n<h4 class=\"pt-cv-title\"><a href=\"https:\/\/www.ortovins.com\/es\/orto-vins-en-wineries-to-watch-2021-de-winespirits\/\" class=\"_self cvplbd\" target=\"_self\" >Orto Vins, en \u00abWineries to watch 2021\u00bb de Wine&#038;Spirits<\/a><\/h4>\n<div class=\"pt-cv-content\">La publicaci\u00f3n Wine&Spirits Magazine se fija en Orto Vins en su art\u00edculo Wineries to watch 2021, publicado en octubre. La ...<br \/><div class=\"pt-cv-rmwrap\"><a href=\"https:\/\/www.ortovins.com\/es\/orto-vins-en-wineries-to-watch-2021-de-winespirits\/\" class=\"_self pt-cv-readmore btn btn-success cvplbd\" target=\"_self\">Llegeix M\u00e9s<\/a><\/div><\/div>\n<div class=\"pt-cv-social-buttons\"><a href=\"https:\/\/www.facebook.com\/sharer\/sharer.php?u=https:\/\/www.ortovins.com\/es\/orto-vins-en-wineries-to-watch-2021-de-winespirits\/\" class=\"pt-cv-social-facebook\" target=\"_blank\"><\/a><a href=\"https:\/\/twitter.com\/intent\/tweet?url=https:\/\/www.ortovins.com\/es\/orto-vins-en-wineries-to-watch-2021-de-winespirits\/&#038;text=Orto+Vins%2C+en+%C2%ABWineries+to+watch+2021%C2%BB+de+Wine%26%23038%3BSpirits\" class=\"pt-cv-social-twitter\" target=\"_blank\"><\/a><a href=\"https:\/\/plus.google.com\/share?url=https:\/\/www.ortovins.com\/es\/orto-vins-en-wineries-to-watch-2021-de-winespirits\/\" class=\"pt-cv-social-googleplus\" target=\"_blank\"><\/a><\/div><\/div><\/div><\/div>\n<div class=\"tl-item pt-left\"><div class=\"tl-item-content\"><i class=\"tl-pointer\"><\/i><div class=\" pt-cv-content-item pt-cv-1-col\"  data-pid=\"1764\"><a href=\"https:\/\/www.ortovins.com\/es\/les-tallades-de-cal-nicolau-2015-mejor-vino-de-variedad-recuperada-de-cataluna\/\" class=\"_self pt-cv-href-thumbnail pt-cv-thumb-default cvplbd cvp-lazy-container\" target=\"_self\" ><img decoding=\"async\" width=\"600\" height=\"450\" src=\"https:\/\/www.ortovins.com\/wp-content\/plugins\/pt-content-views-pro\/public\/assets\/images\/lazy_image.png\" class=\"pt-cv-thumbnail img-none skip-lazy  no-lazyload  cvplazy\" alt=\"Les Tallades de Cal Nicolau 2015, mejor vino de variedad recuperada de Catalu\u00f1a\" data-cvpsrc=\"https:\/\/www.ortovins.com\/wp-content\/uploads\/2020\/10\/Guia-Vins-2021-Orto-2-600x450.jpg\" data-cvpset=\"https:\/\/www.ortovins.com\/wp-content\/uploads\/2020\/10\/Guia-Vins-2021-Orto-2-600x450.jpg 600w, https:\/\/www.ortovins.com\/wp-content\/uploads\/2020\/10\/Guia-Vins-2021-Orto-2-300x225.jpg 300w, https:\/\/www.ortovins.com\/wp-content\/uploads\/2020\/10\/Guia-Vins-2021-Orto-2-1024x768.jpg 1024w, https:\/\/www.ortovins.com\/wp-content\/uploads\/2020\/10\/Guia-Vins-2021-Orto-2-768x576.jpg 768w, https:\/\/www.ortovins.com\/wp-content\/uploads\/2020\/10\/Guia-Vins-2021-Orto-2-1536x1152.jpg 1536w, https:\/\/www.ortovins.com\/wp-content\/uploads\/2020\/10\/Guia-Vins-2021-Orto-2.jpg 2000w\" \/><\/a>\n<h4 class=\"pt-cv-title\"><a href=\"https:\/\/www.ortovins.com\/es\/les-tallades-de-cal-nicolau-2015-mejor-vino-de-variedad-recuperada-de-cataluna\/\" class=\"_self cvplbd\" target=\"_self\" >Les Tallades de Cal Nicolau 2015, mejor vino de variedad recuperada de Catalu\u00f1a<\/a><\/h4>\n<div class=\"pt-cv-content\">La Gu\u00eda de Vinos de Catalu\u00f1a, en la edici\u00f3n de 2021, ha reconocido Les Tallades de Cal Nicolau 2015 el ...<br \/><div class=\"pt-cv-rmwrap\"><a href=\"https:\/\/www.ortovins.com\/es\/les-tallades-de-cal-nicolau-2015-mejor-vino-de-variedad-recuperada-de-cataluna\/\" class=\"_self pt-cv-readmore btn btn-success cvplbd\" target=\"_self\">Llegeix M\u00e9s<\/a><\/div><\/div>\n<div class=\"pt-cv-social-buttons\"><a href=\"https:\/\/www.facebook.com\/sharer\/sharer.php?u=https:\/\/www.ortovins.com\/es\/les-tallades-de-cal-nicolau-2015-mejor-vino-de-variedad-recuperada-de-cataluna\/\" class=\"pt-cv-social-facebook\" target=\"_blank\"><\/a><a href=\"https:\/\/twitter.com\/intent\/tweet?url=https:\/\/www.ortovins.com\/es\/les-tallades-de-cal-nicolau-2015-mejor-vino-de-variedad-recuperada-de-cataluna\/&#038;text=Les+Tallades+de+Cal+Nicolau+2015%2C+mejor+vino+de+variedad+recuperada+de+Catalu%C3%B1a\" class=\"pt-cv-social-twitter\" target=\"_blank\"><\/a><a href=\"https:\/\/plus.google.com\/share?url=https:\/\/www.ortovins.com\/es\/les-tallades-de-cal-nicolau-2015-mejor-vino-de-variedad-recuperada-de-cataluna\/\" class=\"pt-cv-social-googleplus\" target=\"_blank\"><\/a><\/div><\/div><\/div><\/div>\n<div class=\"tl-item pt-right\"><div class=\"tl-item-content\"><i class=\"tl-pointer\"><\/i><div class=\" pt-cv-content-item pt-cv-1-col\"  data-pid=\"1749\"><a href=\"https:\/\/www.ortovins.com\/es\/orto-el-mejor-para-abc\/\" class=\"_self pt-cv-href-thumbnail pt-cv-thumb-default cvplbd cvp-lazy-container\" target=\"_self\" ><img loading=\"lazy\" decoding=\"async\" width=\"600\" height=\"302\" src=\"https:\/\/www.ortovins.com\/wp-content\/plugins\/pt-content-views-pro\/public\/assets\/images\/lazy_image.png\" class=\"pt-cv-thumbnail img-none skip-lazy  no-lazyload  cvplazy\" alt=\"Orto, el mejor para ABC\" data-cvpsrc=\"https:\/\/www.ortovins.com\/wp-content\/uploads\/2020\/07\/Orto-co\u0300pia-600x302.jpeg\" data-cvpset=\"https:\/\/www.ortovins.com\/wp-content\/uploads\/2020\/07\/Orto-co\u0300pia-600x302.jpeg 600w, https:\/\/www.ortovins.com\/wp-content\/uploads\/2020\/07\/Orto-co\u0300pia-300x151.jpeg 300w, https:\/\/www.ortovins.com\/wp-content\/uploads\/2020\/07\/Orto-co\u0300pia-1024x515.jpeg 1024w, https:\/\/www.ortovins.com\/wp-content\/uploads\/2020\/07\/Orto-co\u0300pia-768x386.jpeg 768w, https:\/\/www.ortovins.com\/wp-content\/uploads\/2020\/07\/Orto-co\u0300pia-1536x772.jpeg 1536w, https:\/\/www.ortovins.com\/wp-content\/uploads\/2020\/07\/Orto-co\u0300pia.jpeg 1989w\" \/><\/a>\n<h4 class=\"pt-cv-title\"><a href=\"https:\/\/www.ortovins.com\/es\/orto-el-mejor-para-abc\/\" class=\"_self cvplbd\" target=\"_self\" >Orto, el mejor para ABC<\/a><\/h4>\n<div class=\"pt-cv-content\">El cr\u00edtico de vinos del diario ABC, Juan Fern\u00e1ndez-Cuesta, vuelve a elogiar nuestro vino Orto, y lo describe como el ...<br \/><div class=\"pt-cv-rmwrap\"><a href=\"https:\/\/www.ortovins.com\/es\/orto-el-mejor-para-abc\/\" class=\"_self pt-cv-readmore btn btn-success cvplbd\" target=\"_self\">Llegeix M\u00e9s<\/a><\/div><\/div>\n<div class=\"pt-cv-social-buttons\"><a href=\"https:\/\/www.facebook.com\/sharer\/sharer.php?u=https:\/\/www.ortovins.com\/es\/orto-el-mejor-para-abc\/\" class=\"pt-cv-social-facebook\" target=\"_blank\"><\/a><a href=\"https:\/\/twitter.com\/intent\/tweet?url=https:\/\/www.ortovins.com\/es\/orto-el-mejor-para-abc\/&#038;text=Orto%2C+el+mejor+para+ABC\" class=\"pt-cv-social-twitter\" target=\"_blank\"><\/a><a href=\"https:\/\/plus.google.com\/share?url=https:\/\/www.ortovins.com\/es\/orto-el-mejor-para-abc\/\" class=\"pt-cv-social-googleplus\" target=\"_blank\"><\/a><\/div><\/div><\/div><\/div>\n<div class=\"tl-item pt-left\"><div class=\"tl-item-content\"><i class=\"tl-pointer\"><\/i><div class=\" pt-cv-content-item pt-cv-1-col\"  data-pid=\"707\"><a href=\"https:\/\/www.ortovins.com\/es\/8-vinos-de-orto-excelentes-y-2-muy-buenos-segun-la-guia-penin-2017\/\" class=\"_self pt-cv-href-thumbnail pt-cv-thumb-default cvplbd cvp-lazy-container\" target=\"_self\" ><img loading=\"lazy\" decoding=\"async\" width=\"600\" height=\"399\" src=\"https:\/\/www.ortovins.com\/wp-content\/plugins\/pt-content-views-pro\/public\/assets\/images\/lazy_image.png\" class=\"pt-cv-thumbnail img-none skip-lazy  no-lazyload  cvplazy\" alt=\"8 vinos de Orto excelentes y 2 muy buenos, seg\u00fan La Gu\u00eda Pe\u00f1\u00edn 2017\" data-cvpsrc=\"https:\/\/www.ortovins.com\/wp-content\/uploads\/2018\/08\/Pe\u00f1in-600x399.jpg\" data-cvpset=\"https:\/\/www.ortovins.com\/wp-content\/uploads\/2018\/08\/Pe\u00f1in-600x399.jpg 600w, https:\/\/www.ortovins.com\/wp-content\/uploads\/2018\/08\/Pe\u00f1in-300x199.jpg 300w, https:\/\/www.ortovins.com\/wp-content\/uploads\/2018\/08\/Pe\u00f1in-768x510.jpg 768w, https:\/\/www.ortovins.com\/wp-content\/uploads\/2018\/08\/Pe\u00f1in-1024x680.jpg 1024w\" \/><\/a>\n<h4 class=\"pt-cv-title\"><a href=\"https:\/\/www.ortovins.com\/es\/8-vinos-de-orto-excelentes-y-2-muy-buenos-segun-la-guia-penin-2017\/\" class=\"_self cvplbd\" target=\"_self\" >8 vinos de Orto excelentes y 2 muy buenos, seg\u00fan La Gu\u00eda Pe\u00f1\u00edn 2017<\/a><\/h4>\n<div class=\"pt-cv-content\">Diez vinos de nuestra bodega han sido referenciados en la edici\u00f3n 2017 de La Gu\u00eda Pe\u00f1\u00edn de los Vinos de ...<br \/><div class=\"pt-cv-rmwrap\"><a href=\"https:\/\/www.ortovins.com\/es\/8-vinos-de-orto-excelentes-y-2-muy-buenos-segun-la-guia-penin-2017\/\" class=\"_self pt-cv-readmore btn btn-success cvplbd\" target=\"_self\">Llegeix M\u00e9s<\/a><\/div><\/div>\n<div class=\"pt-cv-social-buttons\"><a href=\"https:\/\/www.facebook.com\/sharer\/sharer.php?u=https:\/\/www.ortovins.com\/es\/8-vinos-de-orto-excelentes-y-2-muy-buenos-segun-la-guia-penin-2017\/\" class=\"pt-cv-social-facebook\" target=\"_blank\"><\/a><a href=\"https:\/\/twitter.com\/intent\/tweet?url=https:\/\/www.ortovins.com\/es\/8-vinos-de-orto-excelentes-y-2-muy-buenos-segun-la-guia-penin-2017\/&#038;text=8+vinos+de+Orto+excelentes+y+2+muy+buenos%2C+seg%C3%BAn+La+Gu%C3%ADa+Pe%C3%B1%C3%ADn+2017\" class=\"pt-cv-social-twitter\" target=\"_blank\"><\/a><a href=\"https:\/\/plus.google.com\/share?url=https:\/\/www.ortovins.com\/es\/8-vinos-de-orto-excelentes-y-2-muy-buenos-segun-la-guia-penin-2017\/\" class=\"pt-cv-social-googleplus\" target=\"_blank\"><\/a><\/div><\/div><\/div><\/div>\n<\/div><\/div>\n<div class=\"text-center pt-cv-pagination-wrapper\"><a href='https:\/\/www.ortovins.com\/es\/wp-json\/wp\/v2\/pages\/673\/?_page=2' onclick='event.preventDefault()' class=\"pt-cv-more btn btn-primary btn-sm\" data-totalpages=\"2\" data-nextpages=\"2\" data-sid=\"f3f00855b2\" data-unid=\"\">More <span class=\"caret\"><\/span><\/a><img loading=\"lazy\" decoding=\"async\" width=\"15\" height=\"15\" class=\"pt-cv-spinner\" alt=\"Cargando...\" src=\"data:image\/gif;base64,R0lGODlhDwAPALMPAMrKygwMDJOTkz09PZWVla+vr3p6euTk5M7OzuXl5TMzMwAAAJmZmWZmZszMzP\/\/\/yH\/C05FVFNDQVBFMi4wAwEAAAAh+QQFCgAPACwAAAAADwAPAAAEQvDJaZaZOIcV8iQK8VRX4iTYoAwZ4iCYoAjZ4RxejhVNoT+mRGP4cyF4Pp0N98sBGIBMEMOotl6YZ3S61Bmbkm4mAgAh+QQFCgAPACwAAAAADQANAAAENPDJSRSZeA418itN8QiK8BiLITVsFiyBBIoYqnoewAD4xPw9iY4XLGYSjkQR4UAUD45DLwIAIfkEBQoADwAsAAAAAA8ACQAABC\/wyVlamTi3nSdgwFNdhEJgTJoNyoB9ISYoQmdjiZPcj7EYCAeCF1gEDo4Dz2eIAAAh+QQFCgAPACwCAAAADQANAAAEM\/DJBxiYeLKdX3IJZT1FU0iIg2RNKx3OkZVnZ98ToRD4MyiDnkAh6BkNC0MvsAj0kMpHBAAh+QQFCgAPACwGAAAACQAPAAAEMDC59KpFDll73HkAA2wVY5KgiK5b0RRoI6MuzG6EQqCDMlSGheEhUAgqgUUAFRySIgAh+QQFCgAPACwCAAIADQANAAAEM\/DJKZNLND\/kkKaHc3xk+QAMYDKsiaqmZCxGVjSFFCxB1vwy2oOgIDxuucxAMTAJFAJNBAAh+QQFCgAPACwAAAYADwAJAAAEMNAs86q1yaWwwv2Ig0jUZx3OYa4XoRAfwADXoAwfo1+CIjyFRuEho60aSNYlOPxEAAAh+QQFCgAPACwAAAIADQANAAAENPA9s4y8+IUVcqaWJ4qEQozSoAzoIyhCK2NFU2SJk0hNnyEOhKR2AzAAj4Pj4GE4W0bkJQIAOw==\" \/><div class=\"clear pt-cv-clear-pagination\"><\/div><\/div><\/div>\t\t\t<style type=\"text\/css\" id=\"pt-cv-inline-style-4feff78edz\">#pt-cv-view-f3f00855b2 .pt-cv-title a, #pt-cv-view-f3f00855b2  .panel-title { color: #a8a649 !important; font-weight: 600 !important; }\n#pt-cv-view-f3f00855b2 .pt-cv-carousel-caption  { background-color: rgba(51,51,51,.6) !important; }\n#pt-cv-view-f3f00855b2 .pt-cv-specialp { background-color: #CC3333 !important }\n#pt-cv-view-f3f00855b2 .pt-cv-specialp * { color: #fff !important; }\n#pt-cv-view-f3f00855b2 .pt-cv-pficon  { color: #bbb !important; }\n#pt-cv-view-f3f00855b2 .pt-cv-readmore  { color: #a8a649 !important; background-color: #ffffff !important; }\n#pt-cv-view-f3f00855b2 .pt-cv-readmore:hover  { color: #ffffff !important; background-color: #00aeef !important; }\n#pt-cv-view-f3f00855b2  + .pt-cv-pagination-wrapper .pt-cv-more , #pt-cv-view-f3f00855b2  + .pt-cv-pagination-wrapper .pagination .active a, .pt-cv-pagination[data-sid='f3f00855b2'] .active a { color: #ffffff !important; background-color: #00aeef !important; }<\/style>\r\n\t\t\t<\/div>\n\t\t\t\t\t\t<\/div>\n\t\t\t\t<\/div>\n\t\t\t\t\t<\/div>\n\t\t<\/div>\n\t\t\t\t\t<\/div>\n\t\t<\/section>\n\t\t\t\t<section class=\"elementor-section elementor-top-section elementor-element elementor-element-0d2aa57 elementor-section-boxed elementor-section-height-default elementor-section-height-default\" data-id=\"0d2aa57\" data-element_type=\"section\" data-e-type=\"section\">\n\t\t\t\t\t\t<div class=\"elementor-container elementor-column-gap-default\">\n\t\t\t\t\t<div class=\"elementor-column elementor-col-100 elementor-top-column elementor-element elementor-element-0b16ae6\" data-id=\"0b16ae6\" data-element_type=\"column\" data-e-type=\"column\">\n\t\t\t<div class=\"elementor-widget-wrap elementor-element-populated\">\n\t\t\t\t\t\t<div class=\"elementor-element elementor-element-e42bea4 elementor-grid-3 elementor-grid-tablet-2 elementor-grid-mobile-1 elementor-posts--thumbnail-top elementor-widget elementor-widget-posts\" data-id=\"e42bea4\" data-element_type=\"widget\" data-e-type=\"widget\" data-settings=\"{&quot;classic_columns&quot;:&quot;3&quot;,&quot;classic_columns_tablet&quot;:&quot;2&quot;,&quot;classic_columns_mobile&quot;:&quot;1&quot;,&quot;classic_row_gap&quot;:{&quot;unit&quot;:&quot;px&quot;,&quot;size&quot;:35,&quot;sizes&quot;:[]},&quot;classic_row_gap_tablet&quot;:{&quot;unit&quot;:&quot;px&quot;,&quot;size&quot;:&quot;&quot;,&quot;sizes&quot;:[]},&quot;classic_row_gap_mobile&quot;:{&quot;unit&quot;:&quot;px&quot;,&quot;size&quot;:&quot;&quot;,&quot;sizes&quot;:[]}}\" data-widget_type=\"posts.classic\">\n\t\t\t\t<div class=\"elementor-widget-container\">\n\t\t\t\t\t\t\t<div class=\"elementor-posts-container elementor-posts elementor-posts--skin-classic elementor-grid\" role=\"list\">\n\t\t\t\t<article class=\"elementor-post elementor-grid-item post-2111 post type-post status-publish format-standard has-post-thumbnail hentry category-sin-categorizar\" role=\"listitem\">\n\t\t\t\t<a class=\"elementor-post__thumbnail__link\" href=\"https:\/\/www.ortovins.com\/es\/medalla-de-plata-en-los-vinari-para-la-carrerada-2016\/\" tabindex=\"-1\" >\n\t\t\t<div class=\"elementor-post__thumbnail\"><img loading=\"lazy\" decoding=\"async\" width=\"1536\" height=\"726\" src=\"https:\/\/www.ortovins.com\/wp-content\/uploads\/2018\/08\/La-Carrerada-scaled.jpg\" class=\"attachment-1536x1536 size-1536x1536 wp-image-704\" alt=\"\" srcset=\"https:\/\/www.ortovins.com\/wp-content\/uploads\/2018\/08\/La-Carrerada-scaled.jpg 2560w, https:\/\/www.ortovins.com\/wp-content\/uploads\/2018\/08\/La-Carrerada-300x142.jpg 300w, https:\/\/www.ortovins.com\/wp-content\/uploads\/2018\/08\/La-Carrerada-600x283.jpg 600w, https:\/\/www.ortovins.com\/wp-content\/uploads\/2018\/08\/La-Carrerada-768x363.jpg 768w, https:\/\/www.ortovins.com\/wp-content\/uploads\/2018\/08\/La-Carrerada-1024x484.jpg 1024w\" sizes=\"(max-width: 1536px) 100vw, 1536px\" \/><\/div>\n\t\t<\/a>\n\t\t\t\t<div class=\"elementor-post__text\">\n\t\t\t\t<h3 class=\"elementor-post__title\">\n\t\t\t<a href=\"https:\/\/www.ortovins.com\/es\/medalla-de-plata-en-los-vinari-para-la-carrerada-2016\/\" >\n\t\t\t\tMedalla de Plata en los Vinari para La Carrerada 2016\t\t\t<\/a>\n\t\t<\/h3>\n\t\t\t\t<div class=\"elementor-post__meta-data\">\n\t\t\t\t\t<span class=\"elementor-post-date\">\n\t\t\t8 de noviembre de 2021\t\t<\/span>\n\t\t\t\t<\/div>\n\t\t\t\t<\/div>\n\t\t\t\t<\/article>\n\t\t\t\t<article class=\"elementor-post elementor-grid-item post-2108 post type-post status-publish format-standard has-post-thumbnail hentry category-sin-categorizar\" role=\"listitem\">\n\t\t\t\t<a class=\"elementor-post__thumbnail__link\" href=\"https:\/\/www.ortovins.com\/es\/orto-vins-en-wineries-to-watch-2021-de-winespirits\/\" tabindex=\"-1\" >\n\t\t\t<div class=\"elementor-post__thumbnail\"><img loading=\"lazy\" decoding=\"async\" width=\"1536\" height=\"1025\" src=\"https:\/\/www.ortovins.com\/wp-content\/uploads\/2019\/02\/IMG_6263.jpg\" class=\"attachment-1536x1536 size-1536x1536 wp-image-581\" alt=\"\" srcset=\"https:\/\/www.ortovins.com\/wp-content\/uploads\/2019\/02\/IMG_6263.jpg 1658w, https:\/\/www.ortovins.com\/wp-content\/uploads\/2019\/02\/IMG_6263-300x200.jpg 300w, https:\/\/www.ortovins.com\/wp-content\/uploads\/2019\/02\/IMG_6263-600x400.jpg 600w, https:\/\/www.ortovins.com\/wp-content\/uploads\/2019\/02\/IMG_6263-768x512.jpg 768w, https:\/\/www.ortovins.com\/wp-content\/uploads\/2019\/02\/IMG_6263-1024x683.jpg 1024w\" sizes=\"(max-width: 1536px) 100vw, 1536px\" \/><\/div>\n\t\t<\/a>\n\t\t\t\t<div class=\"elementor-post__text\">\n\t\t\t\t<h3 class=\"elementor-post__title\">\n\t\t\t<a href=\"https:\/\/www.ortovins.com\/es\/orto-vins-en-wineries-to-watch-2021-de-winespirits\/\" >\n\t\t\t\tOrto Vins, en \u00abWineries to watch 2021\u00bb de Wine&#038;Spirits\t\t\t<\/a>\n\t\t<\/h3>\n\t\t\t\t<div class=\"elementor-post__meta-data\">\n\t\t\t\t\t<span class=\"elementor-post-date\">\n\t\t\t8 de noviembre de 2021\t\t<\/span>\n\t\t\t\t<\/div>\n\t\t\t\t<\/div>\n\t\t\t\t<\/article>\n\t\t\t\t<article class=\"elementor-post elementor-grid-item post-1764 post type-post status-publish format-standard has-post-thumbnail hentry category-sin-categorizar\" role=\"listitem\">\n\t\t\t\t<a class=\"elementor-post__thumbnail__link\" href=\"https:\/\/www.ortovins.com\/es\/les-tallades-de-cal-nicolau-2015-mejor-vino-de-variedad-recuperada-de-cataluna\/\" tabindex=\"-1\" >\n\t\t\t<div class=\"elementor-post__thumbnail\"><img loading=\"lazy\" decoding=\"async\" width=\"1536\" height=\"1152\" src=\"https:\/\/www.ortovins.com\/wp-content\/uploads\/2020\/10\/Guia-Vins-2021-Orto-2-1536x1152.jpg\" class=\"attachment-1536x1536 size-1536x1536 wp-image-1762\" alt=\"\" srcset=\"https:\/\/www.ortovins.com\/wp-content\/uploads\/2020\/10\/Guia-Vins-2021-Orto-2-1536x1152.jpg 1536w, https:\/\/www.ortovins.com\/wp-content\/uploads\/2020\/10\/Guia-Vins-2021-Orto-2-300x225.jpg 300w, https:\/\/www.ortovins.com\/wp-content\/uploads\/2020\/10\/Guia-Vins-2021-Orto-2-1024x768.jpg 1024w, https:\/\/www.ortovins.com\/wp-content\/uploads\/2020\/10\/Guia-Vins-2021-Orto-2-768x576.jpg 768w, https:\/\/www.ortovins.com\/wp-content\/uploads\/2020\/10\/Guia-Vins-2021-Orto-2-600x450.jpg 600w, https:\/\/www.ortovins.com\/wp-content\/uploads\/2020\/10\/Guia-Vins-2021-Orto-2.jpg 2000w\" sizes=\"(max-width: 1536px) 100vw, 1536px\" \/><\/div>\n\t\t<\/a>\n\t\t\t\t<div class=\"elementor-post__text\">\n\t\t\t\t<h3 class=\"elementor-post__title\">\n\t\t\t<a href=\"https:\/\/www.ortovins.com\/es\/les-tallades-de-cal-nicolau-2015-mejor-vino-de-variedad-recuperada-de-cataluna\/\" >\n\t\t\t\tLes Tallades de Cal Nicolau 2015, mejor vino de variedad recuperada de Catalu\u00f1a\t\t\t<\/a>\n\t\t<\/h3>\n\t\t\t\t<div class=\"elementor-post__meta-data\">\n\t\t\t\t\t<span class=\"elementor-post-date\">\n\t\t\t29 de octubre de 2020\t\t<\/span>\n\t\t\t\t<\/div>\n\t\t\t\t<\/div>\n\t\t\t\t<\/article>\n\t\t\t\t<article class=\"elementor-post elementor-grid-item post-1749 post type-post status-publish format-standard has-post-thumbnail hentry category-sin-categorizar\" role=\"listitem\">\n\t\t\t\t<a class=\"elementor-post__thumbnail__link\" href=\"https:\/\/www.ortovins.com\/es\/orto-el-mejor-para-abc\/\" tabindex=\"-1\" >\n\t\t\t<div class=\"elementor-post__thumbnail\"><img loading=\"lazy\" decoding=\"async\" width=\"1536\" height=\"772\" src=\"https:\/\/www.ortovins.com\/wp-content\/uploads\/2020\/07\/Orto-co\u0300pia-1536x772.jpeg\" class=\"attachment-1536x1536 size-1536x1536 wp-image-1740\" alt=\"\" srcset=\"https:\/\/www.ortovins.com\/wp-content\/uploads\/2020\/07\/Orto-co\u0300pia-1536x772.jpeg 1536w, https:\/\/www.ortovins.com\/wp-content\/uploads\/2020\/07\/Orto-co\u0300pia-300x151.jpeg 300w, https:\/\/www.ortovins.com\/wp-content\/uploads\/2020\/07\/Orto-co\u0300pia-1024x515.jpeg 1024w, https:\/\/www.ortovins.com\/wp-content\/uploads\/2020\/07\/Orto-co\u0300pia-768x386.jpeg 768w, https:\/\/www.ortovins.com\/wp-content\/uploads\/2020\/07\/Orto-co\u0300pia-600x302.jpeg 600w, https:\/\/www.ortovins.com\/wp-content\/uploads\/2020\/07\/Orto-co\u0300pia.jpeg 1989w\" sizes=\"(max-width: 1536px) 100vw, 1536px\" \/><\/div>\n\t\t<\/a>\n\t\t\t\t<div class=\"elementor-post__text\">\n\t\t\t\t<h3 class=\"elementor-post__title\">\n\t\t\t<a href=\"https:\/\/www.ortovins.com\/es\/orto-el-mejor-para-abc\/\" >\n\t\t\t\tOrto, el mejor para ABC\t\t\t<\/a>\n\t\t<\/h3>\n\t\t\t\t<div class=\"elementor-post__meta-data\">\n\t\t\t\t\t<span class=\"elementor-post-date\">\n\t\t\t28 de julio de 2020\t\t<\/span>\n\t\t\t\t<\/div>\n\t\t\t\t<\/div>\n\t\t\t\t<\/article>\n\t\t\t\t<article class=\"elementor-post elementor-grid-item post-707 post type-post status-publish format-standard has-post-thumbnail hentry category-sin-categorizar\" role=\"listitem\">\n\t\t\t\t<a class=\"elementor-post__thumbnail__link\" href=\"https:\/\/www.ortovins.com\/es\/8-vinos-de-orto-excelentes-y-2-muy-buenos-segun-la-guia-penin-2017\/\" tabindex=\"-1\" >\n\t\t\t<div class=\"elementor-post__thumbnail\"><img loading=\"lazy\" decoding=\"async\" width=\"1536\" height=\"1020\" src=\"https:\/\/www.ortovins.com\/wp-content\/uploads\/2018\/08\/Pe\u00f1in-scaled.jpg\" class=\"attachment-1536x1536 size-1536x1536 wp-image-708\" alt=\"\" srcset=\"https:\/\/www.ortovins.com\/wp-content\/uploads\/2018\/08\/Pe\u00f1in-scaled.jpg 2560w, https:\/\/www.ortovins.com\/wp-content\/uploads\/2018\/08\/Pe\u00f1in-300x199.jpg 300w, https:\/\/www.ortovins.com\/wp-content\/uploads\/2018\/08\/Pe\u00f1in-600x399.jpg 600w, https:\/\/www.ortovins.com\/wp-content\/uploads\/2018\/08\/Pe\u00f1in-768x510.jpg 768w, https:\/\/www.ortovins.com\/wp-content\/uploads\/2018\/08\/Pe\u00f1in-1024x680.jpg 1024w\" sizes=\"(max-width: 1536px) 100vw, 1536px\" \/><\/div>\n\t\t<\/a>\n\t\t\t\t<div class=\"elementor-post__text\">\n\t\t\t\t<h3 class=\"elementor-post__title\">\n\t\t\t<a href=\"https:\/\/www.ortovins.com\/es\/8-vinos-de-orto-excelentes-y-2-muy-buenos-segun-la-guia-penin-2017\/\" >\n\t\t\t\t8 vinos de Orto excelentes y 2 muy buenos, seg\u00fan La Gu\u00eda Pe\u00f1\u00edn 2017\t\t\t<\/a>\n\t\t<\/h3>\n\t\t\t\t<div class=\"elementor-post__meta-data\">\n\t\t\t\t\t<span class=\"elementor-post-date\">\n\t\t\t25 de febrero de 2019\t\t<\/span>\n\t\t\t\t<\/div>\n\t\t\t\t<\/div>\n\t\t\t\t<\/article>\n\t\t\t\t<article class=\"elementor-post elementor-grid-item post-703 post type-post status-publish format-standard has-post-thumbnail hentry category-sin-categorizar\" role=\"listitem\">\n\t\t\t\t<a class=\"elementor-post__thumbnail__link\" href=\"https:\/\/www.ortovins.com\/es\/once-vinos-por-encima-de-los-90-puntos-en-la-guia-penin-2018\/\" tabindex=\"-1\" >\n\t\t\t<div class=\"elementor-post__thumbnail\"><img loading=\"lazy\" decoding=\"async\" width=\"1536\" height=\"726\" src=\"https:\/\/www.ortovins.com\/wp-content\/uploads\/2018\/08\/La-Carrerada-scaled.jpg\" class=\"attachment-1536x1536 size-1536x1536 wp-image-704\" alt=\"\" srcset=\"https:\/\/www.ortovins.com\/wp-content\/uploads\/2018\/08\/La-Carrerada-scaled.jpg 2560w, https:\/\/www.ortovins.com\/wp-content\/uploads\/2018\/08\/La-Carrerada-300x142.jpg 300w, https:\/\/www.ortovins.com\/wp-content\/uploads\/2018\/08\/La-Carrerada-600x283.jpg 600w, https:\/\/www.ortovins.com\/wp-content\/uploads\/2018\/08\/La-Carrerada-768x363.jpg 768w, https:\/\/www.ortovins.com\/wp-content\/uploads\/2018\/08\/La-Carrerada-1024x484.jpg 1024w\" sizes=\"(max-width: 1536px) 100vw, 1536px\" \/><\/div>\n\t\t<\/a>\n\t\t\t\t<div class=\"elementor-post__text\">\n\t\t\t\t<h3 class=\"elementor-post__title\">\n\t\t\t<a href=\"https:\/\/www.ortovins.com\/es\/once-vinos-por-encima-de-los-90-puntos-en-la-guia-penin-2018\/\" >\n\t\t\t\tOnce vinos por encima de los 90 puntos en La Gu\u00eda Pe\u00f1\u00edn 2018\t\t\t<\/a>\n\t\t<\/h3>\n\t\t\t\t<div class=\"elementor-post__meta-data\">\n\t\t\t\t\t<span class=\"elementor-post-date\">\n\t\t\t25 de febrero de 2019\t\t<\/span>\n\t\t\t\t<\/div>\n\t\t\t\t<\/div>\n\t\t\t\t<\/article>\n\t\t\t\t<article class=\"elementor-post elementor-grid-item post-700 post type-post status-publish format-standard has-post-thumbnail hentry category-sin-categorizar\" role=\"listitem\">\n\t\t\t\t<a class=\"elementor-post__thumbnail__link\" href=\"https:\/\/www.ortovins.com\/es\/les-singularitats-dorto-vins-muy-apreciadas-por-la-guia-de-vins-de-catalunya-2018\/\" tabindex=\"-1\" >\n\t\t\t<div class=\"elementor-post__thumbnail\"><img loading=\"lazy\" decoding=\"async\" width=\"1175\" height=\"601\" src=\"https:\/\/www.ortovins.com\/wp-content\/uploads\/2018\/08\/IMG_9733_0.jpg\" class=\"attachment-1536x1536 size-1536x1536 wp-image-638\" alt=\"\" srcset=\"https:\/\/www.ortovins.com\/wp-content\/uploads\/2018\/08\/IMG_9733_0.jpg 1175w, https:\/\/www.ortovins.com\/wp-content\/uploads\/2018\/08\/IMG_9733_0-300x153.jpg 300w, https:\/\/www.ortovins.com\/wp-content\/uploads\/2018\/08\/IMG_9733_0-600x307.jpg 600w, https:\/\/www.ortovins.com\/wp-content\/uploads\/2018\/08\/IMG_9733_0-768x393.jpg 768w, https:\/\/www.ortovins.com\/wp-content\/uploads\/2018\/08\/IMG_9733_0-1024x524.jpg 1024w\" sizes=\"(max-width: 1175px) 100vw, 1175px\" \/><\/div>\n\t\t<\/a>\n\t\t\t\t<div class=\"elementor-post__text\">\n\t\t\t\t<h3 class=\"elementor-post__title\">\n\t\t\t<a href=\"https:\/\/www.ortovins.com\/es\/les-singularitats-dorto-vins-muy-apreciadas-por-la-guia-de-vins-de-catalunya-2018\/\" >\n\t\t\t\tLes Singularitats d&#8217;Orto Vins, muy apreciadas por La Guia de Vins de Catalunya 2018\t\t\t<\/a>\n\t\t<\/h3>\n\t\t\t\t<div class=\"elementor-post__meta-data\">\n\t\t\t\t\t<span class=\"elementor-post-date\">\n\t\t\t25 de febrero de 2019\t\t<\/span>\n\t\t\t\t<\/div>\n\t\t\t\t<\/div>\n\t\t\t\t<\/article>\n\t\t\t\t<article class=\"elementor-post elementor-grid-item post-697 post type-post status-publish format-standard has-post-thumbnail hentry category-sin-categorizar\" role=\"listitem\">\n\t\t\t\t<a class=\"elementor-post__thumbnail__link\" href=\"https:\/\/www.ortovins.com\/es\/quince-vinos-de-orto-referenciados-en-the-wine-advocate\/\" tabindex=\"-1\" >\n\t\t\t<div class=\"elementor-post__thumbnail\"><img loading=\"lazy\" decoding=\"async\" width=\"945\" height=\"415\" src=\"https:\/\/www.ortovins.com\/wp-content\/uploads\/2018\/08\/Wine-Advocate.jpg\" class=\"attachment-1536x1536 size-1536x1536 wp-image-698\" alt=\"\" srcset=\"https:\/\/www.ortovins.com\/wp-content\/uploads\/2018\/08\/Wine-Advocate.jpg 945w, https:\/\/www.ortovins.com\/wp-content\/uploads\/2018\/08\/Wine-Advocate-300x132.jpg 300w, https:\/\/www.ortovins.com\/wp-content\/uploads\/2018\/08\/Wine-Advocate-600x263.jpg 600w, https:\/\/www.ortovins.com\/wp-content\/uploads\/2018\/08\/Wine-Advocate-768x337.jpg 768w\" sizes=\"(max-width: 945px) 100vw, 945px\" \/><\/div>\n\t\t<\/a>\n\t\t\t\t<div class=\"elementor-post__text\">\n\t\t\t\t<h3 class=\"elementor-post__title\">\n\t\t\t<a href=\"https:\/\/www.ortovins.com\/es\/quince-vinos-de-orto-referenciados-en-the-wine-advocate\/\" >\n\t\t\t\tQuince vinos de Orto referenciados en The Wine Advocate\t\t\t<\/a>\n\t\t<\/h3>\n\t\t\t\t<div class=\"elementor-post__meta-data\">\n\t\t\t\t\t<span class=\"elementor-post-date\">\n\t\t\t25 de febrero de 2019\t\t<\/span>\n\t\t\t\t<\/div>\n\t\t\t\t<\/div>\n\t\t\t\t<\/article>\n\t\t\t\t<article class=\"elementor-post elementor-grid-item post-694 post type-post status-publish format-standard has-post-thumbnail hentry category-sin-categorizar\" role=\"listitem\">\n\t\t\t\t<a class=\"elementor-post__thumbnail__link\" href=\"https:\/\/www.ortovins.com\/es\/la-guia-penin-2019-puntua-con-90-puntos-o-mas-10-vinos-de-orto\/\" tabindex=\"-1\" >\n\t\t\t<div class=\"elementor-post__thumbnail\"><img loading=\"lazy\" decoding=\"async\" width=\"1536\" height=\"1024\" src=\"https:\/\/www.ortovins.com\/wp-content\/uploads\/2019\/02\/IMG_9336.jpg\" class=\"attachment-1536x1536 size-1536x1536 wp-image-695\" alt=\"\" srcset=\"https:\/\/www.ortovins.com\/wp-content\/uploads\/2019\/02\/IMG_9336.jpg 1685w, https:\/\/www.ortovins.com\/wp-content\/uploads\/2019\/02\/IMG_9336-300x200.jpg 300w, https:\/\/www.ortovins.com\/wp-content\/uploads\/2019\/02\/IMG_9336-600x400.jpg 600w, https:\/\/www.ortovins.com\/wp-content\/uploads\/2019\/02\/IMG_9336-768x512.jpg 768w, https:\/\/www.ortovins.com\/wp-content\/uploads\/2019\/02\/IMG_9336-1024x682.jpg 1024w\" sizes=\"(max-width: 1536px) 100vw, 1536px\" \/><\/div>\n\t\t<\/a>\n\t\t\t\t<div class=\"elementor-post__text\">\n\t\t\t\t<h3 class=\"elementor-post__title\">\n\t\t\t<a href=\"https:\/\/www.ortovins.com\/es\/la-guia-penin-2019-puntua-con-90-puntos-o-mas-10-vinos-de-orto\/\" >\n\t\t\t\tLa Gu\u00eda Pe\u00f1\u00edn 2019 punt\u00faa con 90 puntos o m\u00e1s 10 vinos de Orto\t\t\t<\/a>\n\t\t<\/h3>\n\t\t\t\t<div class=\"elementor-post__meta-data\">\n\t\t\t\t\t<span class=\"elementor-post-date\">\n\t\t\t25 de febrero de 2019\t\t<\/span>\n\t\t\t\t<\/div>\n\t\t\t\t<\/div>\n\t\t\t\t<\/article>\n\t\t\t\t<article class=\"elementor-post elementor-grid-item post-691 post type-post status-publish format-standard has-post-thumbnail hentry category-sin-categorizar\" role=\"listitem\">\n\t\t\t\t<a class=\"elementor-post__thumbnail__link\" href=\"https:\/\/www.ortovins.com\/es\/excelentes-puntuaciones-en-la-guia-de-vins-de-catalunya-2019\/\" tabindex=\"-1\" >\n\t\t\t<div class=\"elementor-post__thumbnail\"><img loading=\"lazy\" decoding=\"async\" width=\"1495\" height=\"1031\" src=\"https:\/\/www.ortovins.com\/wp-content\/uploads\/2019\/02\/IMG_6310.jpg\" class=\"attachment-1536x1536 size-1536x1536 wp-image-692\" alt=\"\" srcset=\"https:\/\/www.ortovins.com\/wp-content\/uploads\/2019\/02\/IMG_6310.jpg 1495w, https:\/\/www.ortovins.com\/wp-content\/uploads\/2019\/02\/IMG_6310-300x207.jpg 300w, https:\/\/www.ortovins.com\/wp-content\/uploads\/2019\/02\/IMG_6310-600x414.jpg 600w, https:\/\/www.ortovins.com\/wp-content\/uploads\/2019\/02\/IMG_6310-768x530.jpg 768w, https:\/\/www.ortovins.com\/wp-content\/uploads\/2019\/02\/IMG_6310-1024x706.jpg 1024w\" sizes=\"(max-width: 1495px) 100vw, 1495px\" \/><\/div>\n\t\t<\/a>\n\t\t\t\t<div class=\"elementor-post__text\">\n\t\t\t\t<h3 class=\"elementor-post__title\">\n\t\t\t<a href=\"https:\/\/www.ortovins.com\/es\/excelentes-puntuaciones-en-la-guia-de-vins-de-catalunya-2019\/\" >\n\t\t\t\tExcelentes puntuaciones en La Guia de Vins de Catalunya 2019\t\t\t<\/a>\n\t\t<\/h3>\n\t\t\t\t<div class=\"elementor-post__meta-data\">\n\t\t\t\t\t<span class=\"elementor-post-date\">\n\t\t\t25 de febrero de 2019\t\t<\/span>\n\t\t\t\t<\/div>\n\t\t\t\t<\/div>\n\t\t\t\t<\/article>\n\t\t\t\t<\/div>\n\t\t\n\t\t\t\t\t\t<\/div>\n\t\t\t\t<\/div>\n\t\t\t\t\t<\/div>\n\t\t<\/div>\n\t\t\t\t\t<\/div>\n\t\t<\/section>\n\t\t\t\t<\/div>\n\t\t","protected":false},"excerpt":{"rendered":"<p>NOTICIAS<\/p>\n","protected":false},"author":1,"featured_media":0,"parent":0,"menu_order":0,"comment_status":"closed","ping_status":"closed","template":"","meta":{"footnotes":""},"class_list":["post-673","page","type-page","status-publish","hentry"],"yoast_head":"<!-- This site is optimized with the Yoast SEO plugin v27.4 - https:\/\/yoast.com\/product\/yoast-seo-wordpress\/ -->\n<title>Noticias - Orto Vins<\/title>\n<meta name=\"robots\" content=\"index, follow, max-snippet:-1, max-image-preview:large, max-video-preview:-1\" \/>\n<link rel=\"canonical\" href=\"https:\/\/www.ortovins.com\/es\/blog\/\" \/>\n<meta property=\"og:locale\" content=\"es_ES\" \/>\n<meta property=\"og:type\" content=\"article\" \/>\n<meta property=\"og:title\" content=\"Noticias - Orto Vins\" \/>\n<meta property=\"og:description\" content=\"NOTICIAS\" \/>\n<meta property=\"og:url\" content=\"https:\/\/www.ortovins.com\/es\/blog\/\" \/>\n<meta property=\"og:site_name\" content=\"Orto Vins\" \/>\n<meta property=\"article:modified_time\" content=\"2026-02-06T12:37:22+00:00\" \/>\n<meta name=\"twitter:card\" content=\"summary_large_image\" \/>\n<script type=\"application\/ld+json\" class=\"yoast-schema-graph\">{\"@context\":\"https:\\\/\\\/schema.org\",\"@graph\":[{\"@type\":\"WebPage\",\"@id\":\"https:\\\/\\\/www.ortovins.com\\\/es\\\/blog\\\/\",\"url\":\"https:\\\/\\\/www.ortovins.com\\\/es\\\/blog\\\/\",\"name\":\"Noticias - Orto Vins\",\"isPartOf\":{\"@id\":\"https:\\\/\\\/www.ortovins.com\\\/es\\\/#website\"},\"datePublished\":\"2019-02-25T17:01:31+00:00\",\"dateModified\":\"2026-02-06T12:37:22+00:00\",\"breadcrumb\":{\"@id\":\"https:\\\/\\\/www.ortovins.com\\\/es\\\/blog\\\/#breadcrumb\"},\"inLanguage\":\"es\",\"potentialAction\":[{\"@type\":\"ReadAction\",\"target\":[\"https:\\\/\\\/www.ortovins.com\\\/es\\\/blog\\\/\"]}]},{\"@type\":\"BreadcrumbList\",\"@id\":\"https:\\\/\\\/www.ortovins.com\\\/es\\\/blog\\\/#breadcrumb\",\"itemListElement\":[{\"@type\":\"ListItem\",\"position\":1,\"name\":\"Inici\",\"item\":\"https:\\\/\\\/www.ortovins.com\\\/es\\\/inicio\\\/\"},{\"@type\":\"ListItem\",\"position\":2,\"name\":\"Noticias\"}]},{\"@type\":\"WebSite\",\"@id\":\"https:\\\/\\\/www.ortovins.com\\\/es\\\/#website\",\"url\":\"https:\\\/\\\/www.ortovins.com\\\/es\\\/\",\"name\":\"Orto Vins\",\"description\":\"Un lligam sincer amb la vinya i el vi\",\"publisher\":{\"@id\":\"https:\\\/\\\/www.ortovins.com\\\/es\\\/#organization\"},\"potentialAction\":[{\"@type\":\"SearchAction\",\"target\":{\"@type\":\"EntryPoint\",\"urlTemplate\":\"https:\\\/\\\/www.ortovins.com\\\/es\\\/?s={search_term_string}\"},\"query-input\":{\"@type\":\"PropertyValueSpecification\",\"valueRequired\":true,\"valueName\":\"search_term_string\"}}],\"inLanguage\":\"es\"},{\"@type\":\"Organization\",\"@id\":\"https:\\\/\\\/www.ortovins.com\\\/es\\\/#organization\",\"name\":\"Orto Vins\",\"url\":\"https:\\\/\\\/www.ortovins.com\\\/es\\\/\",\"logo\":{\"@type\":\"ImageObject\",\"inLanguage\":\"es\",\"@id\":\"https:\\\/\\\/www.ortovins.com\\\/es\\\/#\\\/schema\\\/logo\\\/image\\\/\",\"url\":\"https:\\\/\\\/www.ortovins.com\\\/wp-content\\\/uploads\\\/2018\\\/07\\\/logo-orto-black.png\",\"contentUrl\":\"https:\\\/\\\/www.ortovins.com\\\/wp-content\\\/uploads\\\/2018\\\/07\\\/logo-orto-black.png\",\"width\":1056,\"height\":194,\"caption\":\"Orto Vins\"},\"image\":{\"@id\":\"https:\\\/\\\/www.ortovins.com\\\/es\\\/#\\\/schema\\\/logo\\\/image\\\/\"}}]}<\/script>\n<!-- \/ Yoast SEO plugin. -->","yoast_head_json":{"title":"Noticias - Orto Vins","robots":{"index":"index","follow":"follow","max-snippet":"max-snippet:-1","max-image-preview":"max-image-preview:large","max-video-preview":"max-video-preview:-1"},"canonical":"https:\/\/www.ortovins.com\/es\/blog\/","og_locale":"es_ES","og_type":"article","og_title":"Noticias - Orto Vins","og_description":"NOTICIAS","og_url":"https:\/\/www.ortovins.com\/es\/blog\/","og_site_name":"Orto Vins","article_modified_time":"2026-02-06T12:37:22+00:00","twitter_card":"summary_large_image","schema":{"@context":"https:\/\/schema.org","@graph":[{"@type":"WebPage","@id":"https:\/\/www.ortovins.com\/es\/blog\/","url":"https:\/\/www.ortovins.com\/es\/blog\/","name":"Noticias - Orto Vins","isPartOf":{"@id":"https:\/\/www.ortovins.com\/es\/#website"},"datePublished":"2019-02-25T17:01:31+00:00","dateModified":"2026-02-06T12:37:22+00:00","breadcrumb":{"@id":"https:\/\/www.ortovins.com\/es\/blog\/#breadcrumb"},"inLanguage":"es","potentialAction":[{"@type":"ReadAction","target":["https:\/\/www.ortovins.com\/es\/blog\/"]}]},{"@type":"BreadcrumbList","@id":"https:\/\/www.ortovins.com\/es\/blog\/#breadcrumb","itemListElement":[{"@type":"ListItem","position":1,"name":"Inici","item":"https:\/\/www.ortovins.com\/es\/inicio\/"},{"@type":"ListItem","position":2,"name":"Noticias"}]},{"@type":"WebSite","@id":"https:\/\/www.ortovins.com\/es\/#website","url":"https:\/\/www.ortovins.com\/es\/","name":"Orto Vins","description":"Un lligam sincer amb la vinya i el vi","publisher":{"@id":"https:\/\/www.ortovins.com\/es\/#organization"},"potentialAction":[{"@type":"SearchAction","target":{"@type":"EntryPoint","urlTemplate":"https:\/\/www.ortovins.com\/es\/?s={search_term_string}"},"query-input":{"@type":"PropertyValueSpecification","valueRequired":true,"valueName":"search_term_string"}}],"inLanguage":"es"},{"@type":"Organization","@id":"https:\/\/www.ortovins.com\/es\/#organization","name":"Orto Vins","url":"https:\/\/www.ortovins.com\/es\/","logo":{"@type":"ImageObject","inLanguage":"es","@id":"https:\/\/www.ortovins.com\/es\/#\/schema\/logo\/image\/","url":"https:\/\/www.ortovins.com\/wp-content\/uploads\/2018\/07\/logo-orto-black.png","contentUrl":"https:\/\/www.ortovins.com\/wp-content\/uploads\/2018\/07\/logo-orto-black.png","width":1056,"height":194,"caption":"Orto Vins"},"image":{"@id":"https:\/\/www.ortovins.com\/es\/#\/schema\/logo\/image\/"}}]}},"_links":{"self":[{"href":"https:\/\/www.ortovins.com\/es\/wp-json\/wp\/v2\/pages\/673","targetHints":{"allow":["GET"]}}],"collection":[{"href":"https:\/\/www.ortovins.com\/es\/wp-json\/wp\/v2\/pages"}],"about":[{"href":"https:\/\/www.ortovins.com\/es\/wp-json\/wp\/v2\/types\/page"}],"author":[{"embeddable":true,"href":"https:\/\/www.ortovins.com\/es\/wp-json\/wp\/v2\/users\/1"}],"replies":[{"embeddable":true,"href":"https:\/\/www.ortovins.com\/es\/wp-json\/wp\/v2\/comments?post=673"}],"version-history":[{"count":5,"href":"https:\/\/www.ortovins.com\/es\/wp-json\/wp\/v2\/pages\/673\/revisions"}],"predecessor-version":[{"id":813,"href":"https:\/\/www.ortovins.com\/es\/wp-json\/wp\/v2\/pages\/673\/revisions\/813"}],"wp:attachment":[{"href":"https:\/\/www.ortovins.com\/es\/wp-json\/wp\/v2\/media?parent=673"}],"curies":[{"name":"wp","href":"https:\/\/api.w.org\/{rel}","templated":true}]}}